{"id":147,"date":"2014-09-15T16:32:04","date_gmt":"2014-09-15T16:32:04","guid":{"rendered":"http:\/\/www.ftv-kegeln.de\/?page_id=147"},"modified":"2016-01-29T16:52:01","modified_gmt":"2016-01-29T16:52:01","slug":"presse","status":"publish","type":"page","link":"https:\/\/ftvkegeln.ddns.net\/?page_id=147","title":{"rendered":"Presse"},"content":{"rendered":"<table class=\"tg\">\n<tbody>\n<tr>\n<th class=\"tg-031e\" width=\"100px\">Datum<\/th>\n<th class=\"tg-031e\" width=\"200px\">Herausgeber<\/th>\n<th class=\"tg-031e\" width=\"300px\">Titel<\/th>\n<\/tr>\n<tr>\n<td class=\"tg-031e\" style=\"text-align: center;\">27.01.2016<\/td>\n<td class=\"tg-031e\" style=\"text-align: center;\"><a href=\"http:\/\/www.ftv-kegeln.de\/wp-content\/uploads\/2014\/09\/Fnp_logo.jpg\"><img loading=\"lazy\" decoding=\"async\" class=\"aligncenter wp-image-148\" src=\"http:\/\/www.ftv-kegeln.de\/wp-content\/uploads\/2014\/09\/Fnp_logo.jpg\" alt=\"Fnp_logo\" width=\"158\" height=\"41\" \/><\/a><\/td>\n<td class=\"tg-031e\" style=\"text-align: center;\"><a href=\"http:\/\/www.fnp.de\/regionalsport\/frankfurt\/Nervenstarke-Bockenheimer-gewinnen-das-schwache-Derby;art701,1820556\" target=\"_blank\">Nervenstarke Bockenheimer gewinnen das schwache Derby<\/a><\/td>\n<\/tr>\n<tr>\n<td class=\"tg-031e\" style=\"text-align: center;\">21.01.2016<\/td>\n<td class=\"tg-031e\" style=\"text-align: center;\"><a href=\"http:\/\/www.ftv-kegeln.de\/wp-content\/uploads\/2014\/09\/Fnp_logo.jpg\"><img loading=\"lazy\" decoding=\"async\" class=\"aligncenter wp-image-148\" src=\"http:\/\/www.ftv-kegeln.de\/wp-content\/uploads\/2014\/09\/Fnp_logo.jpg\" alt=\"Fnp_logo\" width=\"158\" height=\"41\" \/><\/a><\/td>\n<td class=\"tg-031e\" style=\"text-align: center;\"><a href=\"http:\/\/www.fnp.de\/regionalsport\/frankfurt\/Bereit-fuer-das-Derby;art701,1810399\" target=\"_blank\">Bereit f\u00fcr das Derby<\/a><\/td>\n<\/tr>\n<tr>\n<td class=\"tg-031e\" style=\"text-align: center;\">03.12.2015<\/td>\n<td class=\"tg-031e\" style=\"text-align: center;\"><a href=\"http:\/\/www.ftv-kegeln.de\/wp-content\/uploads\/2014\/09\/Fnp_logo.jpg\"><img loading=\"lazy\" decoding=\"async\" class=\"aligncenter wp-image-148\" src=\"http:\/\/www.ftv-kegeln.de\/wp-content\/uploads\/2014\/09\/Fnp_logo.jpg\" alt=\"Fnp_logo\" width=\"158\" height=\"41\" \/><\/a><\/td>\n<td class=\"tg-031e\" style=\"text-align: center;\"><a href=\"http:\/\/www.fnp.de\/regionalsport\/frankfurt\/Bockenheim-raeumt-ab-FTV-verliert-erneut;art701,1732396\" target=\"_blank\">Bockenheim r\u00e4umt ab FTV verliert erneut<\/a><\/td>\n<\/tr>\n<tr>\n<td class=\"tg-031e\" style=\"text-align: center;\">26.11.2015<\/td>\n<td class=\"tg-031e\" style=\"text-align: center;\"><a href=\"http:\/\/www.ftv-kegeln.de\/wp-content\/uploads\/2014\/09\/Fnp_logo.jpg\"><img loading=\"lazy\" decoding=\"async\" class=\"aligncenter wp-image-148\" src=\"http:\/\/www.ftv-kegeln.de\/wp-content\/uploads\/2014\/09\/Fnp_logo.jpg\" alt=\"Fnp_logo\" width=\"158\" height=\"41\" \/><\/a><\/td>\n<td class=\"tg-031e\" style=\"text-align: center;\"><a href=\"http:\/\/www.fnp.de\/regionalsport\/frankfurt\/Torsten-Depta-raeumt-ab;art701,1719116\" target=\"_blank\">Torsten Depta r\u00e4umt ab<\/a><\/td>\n<\/tr>\n<tr>\n<td class=\"tg-031e\" style=\"text-align: center;\">11.11.2015<\/td>\n<td class=\"tg-031e\" style=\"text-align: center;\"><a href=\"http:\/\/www.ftv-kegeln.de\/wp-content\/uploads\/2014\/09\/Fnp_logo.jpg\"><img loading=\"lazy\" decoding=\"async\" class=\"aligncenter wp-image-148\" src=\"http:\/\/www.ftv-kegeln.de\/wp-content\/uploads\/2014\/09\/Fnp_logo.jpg\" alt=\"Fnp_logo\" width=\"158\" height=\"41\" \/><\/a><\/td>\n<td class=\"tg-031e\" style=\"text-align: center;\"><a href=\"http:\/\/www.fnp.de\/regionalsport\/frankfurt\/KSC-Bockenheim-ist-im-Kommen;art701,1691652\" target=\"_blank\">KSC Bockenheim ist im Kommen<\/a><\/td>\n<\/tr>\n<tr>\n<td class=\"tg-031e\" style=\"text-align: center;\">05.11.2015<\/td>\n<td class=\"tg-031e\" style=\"text-align: center;\"><a href=\"http:\/\/www.ftv-kegeln.de\/wp-content\/uploads\/2014\/09\/Fnp_logo.jpg\"><img loading=\"lazy\" decoding=\"async\" class=\"aligncenter wp-image-148\" src=\"http:\/\/www.ftv-kegeln.de\/wp-content\/uploads\/2014\/09\/Fnp_logo.jpg\" alt=\"Fnp_logo\" width=\"158\" height=\"41\" \/><\/a><\/td>\n<td class=\"tg-031e\" style=\"text-align: center;\"><a href=\"http:\/\/www.fnp.de\/regionalsport\/frankfurt\/SG-Kelsterbach-raeumt-den-FTV-ab;art701,1681285\" target=\"_blank\">SG Kelsterbach r\u00e4umt den FTV ab<\/a><\/td>\n<\/tr>\n<tr>\n<td class=\"tg-031e\" style=\"text-align: center;\">29.10.2015<\/td>\n<td class=\"tg-031e\" style=\"text-align: center;\"><a href=\"http:\/\/www.ftv-kegeln.de\/wp-content\/uploads\/2014\/09\/Fnp_logo.jpg\"><img loading=\"lazy\" decoding=\"async\" class=\"aligncenter wp-image-148\" src=\"http:\/\/www.ftv-kegeln.de\/wp-content\/uploads\/2014\/09\/Fnp_logo.jpg\" alt=\"Fnp_logo\" width=\"158\" height=\"41\" \/><\/a><\/td>\n<td class=\"tg-031e\" style=\"text-align: center;\"><a href=\"http:\/\/www.fnp.de\/regionalsport\/frankfurt\/Abwaertstrend-gestoppt;art701,1668967\" target=\"_blank\">Abw\u00e4rtstrend gestoppt<\/a><\/td>\n<\/tr>\n<tr>\n<td class=\"tg-031e\" style=\"text-align: center;\">23.10.2015<\/td>\n<td class=\"tg-031e\" style=\"text-align: center;\"><a href=\"http:\/\/www.ftv-kegeln.de\/wp-content\/uploads\/2014\/09\/Fnp_logo.jpg\"><img loading=\"lazy\" decoding=\"async\" class=\"aligncenter wp-image-148\" src=\"http:\/\/www.ftv-kegeln.de\/wp-content\/uploads\/2014\/09\/Fnp_logo.jpg\" alt=\"Fnp_logo\" width=\"158\" height=\"41\" \/><\/a><\/td>\n<td class=\"tg-031e\" style=\"text-align: center;\"><a href=\"http:\/\/www.fnp.de\/regionalsport\/frankfurt\/FTV-Kegler-ueberzeugen-als-Mannschaft;art701,1658630\" target=\"_blank\">FTV-Kegler \u00fcberzeugen als Mannschaft<\/a><\/td>\n<\/tr>\n<tr>\n<td class=\"tg-031e\" style=\"text-align: center;\">08.10.2015<\/td>\n<td class=\"tg-031e\" style=\"text-align: center;\"><a href=\"http:\/\/www.ftv-kegeln.de\/wp-content\/uploads\/2014\/09\/Fnp_logo.jpg\"><img loading=\"lazy\" decoding=\"async\" class=\"aligncenter wp-image-148\" src=\"http:\/\/www.ftv-kegeln.de\/wp-content\/uploads\/2014\/09\/Fnp_logo.jpg\" alt=\"Fnp_logo\" width=\"158\" height=\"41\" \/><\/a><\/td>\n<td class=\"tg-031e\" style=\"text-align: center;\"><a href=\"http:\/\/www.fnp.de\/regionalsport\/frankfurt\/FTV-Kegler-widerlegen-die-Prognosen;art701,1630836\" target=\"_blank\">FTV-Kegler widerlegen die Prognosen<\/a><\/td>\n<\/tr>\n<tr>\n<td class=\"tg-031e\" style=\"text-align: center;\">03.10.2015<\/td>\n<td class=\"tg-031e\" style=\"text-align: center;\"><a href=\"http:\/\/www.ftv-kegeln.de\/wp-content\/uploads\/2014\/09\/Fnp_logo.jpg\"><img loading=\"lazy\" decoding=\"async\" class=\"aligncenter wp-image-148\" src=\"http:\/\/www.ftv-kegeln.de\/wp-content\/uploads\/2014\/09\/Fnp_logo.jpg\" alt=\"Fnp_logo\" width=\"158\" height=\"41\" \/><\/a><\/td>\n<td class=\"tg-031e\" style=\"text-align: center;\"><a href=\"http:\/\/www.fnp.de\/regionalsport\/frankfurt\/Punkte-im-Abstiegskampf;art701,1604833\" target=\"_blank\">Punkte im Abstiegskampf<\/a><\/td>\n<\/tr>\n<tr>\n<td class=\"tg-031e\" style=\"text-align: center;\">19.03.2015<\/td>\n<td class=\"tg-031e\" style=\"text-align: center;\"><a href=\"http:\/\/www.ftv-kegeln.de\/wp-content\/uploads\/2014\/09\/Fnp_logo.jpg\"><img loading=\"lazy\" decoding=\"async\" class=\"aligncenter wp-image-148\" src=\"http:\/\/www.ftv-kegeln.de\/wp-content\/uploads\/2014\/09\/Fnp_logo.jpg\" alt=\"Fnp_logo\" width=\"158\" height=\"41\" \/><\/a><\/td>\n<td class=\"tg-031e\" style=\"text-align: center;\"><a href=\"http:\/\/www.fnp.de\/sport\/frankfurt\/Die-Aufstiegs-Relegation-ist-zum-Greifen-nah;art701,1315939\" target=\"_blank\">Die Aufstiegsrelegation ist zum Greifen nahe<\/a><\/td>\n<\/tr>\n<tr>\n<td class=\"tg-031e\" style=\"text-align: center;\"><\/td>\n<td class=\"tg-031e\" style=\"text-align: center;\"><a href=\"http:\/\/www.ftv-kegeln.de\/wp-content\/uploads\/2014\/09\/dcu-ohne-schatten.png\"><img loading=\"lazy\" decoding=\"async\" class=\"aligncenter wp-image-152\" src=\"http:\/\/www.ftv-kegeln.de\/wp-content\/uploads\/2014\/09\/dcu-ohne-schatten-300x165.png\" alt=\"dcu-ohne-schatten\" width=\"98\" height=\"54\" srcset=\"https:\/\/ftvkegeln.ddns.net\/wp-content\/uploads\/2014\/09\/dcu-ohne-schatten-300x165.png 300w, https:\/\/ftvkegeln.ddns.net\/wp-content\/uploads\/2014\/09\/dcu-ohne-schatten.png 630w\" sizes=\"(max-width: 98px) 100vw, 98px\" \/><\/a><\/td>\n<td class=\"tg-031e\" style=\"text-align: center;\"><a href=\"http:\/\/www.ftv-kegeln.de\/wp-content\/uploads\/2014\/09\/BL_Info-3-2015.pdf\" target=\"_blank\">Bundesligainfo 3 &#8211; Saison-Endspurt<\/a><\/td>\n<\/tr>\n<tr>\n<td class=\"tg-031e\" style=\"text-align: center;\">11.02.2015<\/td>\n<td class=\"tg-031e\" style=\"text-align: center;\"><a href=\"http:\/\/www.ftv-kegeln.de\/wp-content\/uploads\/2014\/09\/Fnp_logo.jpg\"><img loading=\"lazy\" decoding=\"async\" class=\"aligncenter wp-image-148\" src=\"http:\/\/www.ftv-kegeln.de\/wp-content\/uploads\/2014\/09\/Fnp_logo.jpg\" alt=\"Fnp_logo\" width=\"158\" height=\"41\" \/><\/a><\/td>\n<td class=\"tg-031e\" style=\"text-align: center;\"><a href=\"http:\/\/www.fnp.de\/sport\/frankfurt\/Ueberraschung-knapp-verpasst;art701,1257006\" target=\"_blank\">\u00dcberraschung knapp verpasst<\/a><\/td>\n<\/tr>\n<tr>\n<td class=\"tg-031e\" style=\"text-align: center;\">11.02.2015<\/td>\n<td class=\"tg-031e\" style=\"text-align: center;\"><a href=\"http:\/\/www.ftv-kegeln.de\/wp-content\/uploads\/2014\/09\/Fnp_logo.jpg\"><img loading=\"lazy\" decoding=\"async\" class=\"aligncenter wp-image-148\" src=\"http:\/\/www.ftv-kegeln.de\/wp-content\/uploads\/2014\/09\/Fnp_logo.jpg\" alt=\"Fnp_logo\" width=\"158\" height=\"41\" \/><\/a><\/td>\n<td class=\"tg-031e\" style=\"text-align: center;\"><a href=\"http:\/\/www.fnp.de\/sport\/frankfurt\/Einen-Podestplatz-im-Blick;art701,1257363\" target=\"_blank\">Einen Podestplatz knapp verpasst<\/a><\/td>\n<\/tr>\n<tr>\n<td class=\"tg-031e\" style=\"text-align: center;\">05.02.2015<\/td>\n<td class=\"tg-031e\" style=\"text-align: center;\"><a href=\"http:\/\/www.ftv-kegeln.de\/wp-content\/uploads\/2014\/09\/Fnp_logo.jpg\"><img loading=\"lazy\" decoding=\"async\" class=\"aligncenter wp-image-148\" src=\"http:\/\/www.ftv-kegeln.de\/wp-content\/uploads\/2014\/09\/Fnp_logo.jpg\" alt=\"Fnp_logo\" width=\"158\" height=\"41\" \/><\/a><\/td>\n<td class=\"tg-031e\" style=\"text-align: center;\"><a href=\"http:\/\/www.fnp.de\/sport\/frankfurt-sued\/FTV-1860-stellt-Anschluss-her;art687,1248197\" target=\"_blank\">FTV 1860 stellt Anschluss her<\/a><\/td>\n<\/tr>\n<tr>\n<td class=\"tg-031e\" style=\"text-align: center;\">29.01.2015<\/td>\n<td class=\"tg-031e\" style=\"text-align: center;\"><a href=\"http:\/\/www.ftv-kegeln.de\/wp-content\/uploads\/2014\/09\/Fnp_logo.jpg\"><img loading=\"lazy\" decoding=\"async\" class=\"aligncenter wp-image-148\" src=\"http:\/\/www.ftv-kegeln.de\/wp-content\/uploads\/2014\/09\/Fnp_logo.jpg\" alt=\"Fnp_logo\" width=\"158\" height=\"41\" \/><\/a><\/td>\n<td class=\"tg-031e\" style=\"text-align: center;\"><a href=\"http:\/\/www.fnp.de\/sport\/frankfurt\/Schlecht-abgeraeumt;art701,1236987\" target=\"_blank\">Schlecht abger\u00e4umt<\/a><\/td>\n<\/tr>\n<tr>\n<td class=\"tg-031e\" style=\"text-align: center;\"><\/td>\n<td class=\"tg-031e\" style=\"text-align: center;\"><a href=\"http:\/\/www.ftv-kegeln.de\/wp-content\/uploads\/2014\/09\/dcu-ohne-schatten.png\"><img loading=\"lazy\" decoding=\"async\" class=\"aligncenter wp-image-152\" src=\"http:\/\/www.ftv-kegeln.de\/wp-content\/uploads\/2014\/09\/dcu-ohne-schatten-300x165.png\" alt=\"dcu-ohne-schatten\" width=\"98\" height=\"54\" srcset=\"https:\/\/ftvkegeln.ddns.net\/wp-content\/uploads\/2014\/09\/dcu-ohne-schatten-300x165.png 300w, https:\/\/ftvkegeln.ddns.net\/wp-content\/uploads\/2014\/09\/dcu-ohne-schatten.png 630w\" sizes=\"(max-width: 98px) 100vw, 98px\" \/><\/a><\/td>\n<td class=\"tg-031e\" style=\"text-align: center;\">Bundesligainfo 2 &#8211; Zwischenbilanz<\/td>\n<\/tr>\n<tr>\n<td class=\"tg-031e\" style=\"text-align: center;\">20.11.2014<\/td>\n<td class=\"tg-031e\" style=\"text-align: center;\"><a href=\"http:\/\/www.ftv-kegeln.de\/wp-content\/uploads\/2014\/09\/Fnp_logo.jpg\"><img loading=\"lazy\" decoding=\"async\" class=\"aligncenter wp-image-148\" src=\"http:\/\/www.ftv-kegeln.de\/wp-content\/uploads\/2014\/09\/Fnp_logo.jpg\" alt=\"Fnp_logo\" width=\"158\" height=\"41\" \/><\/a><\/td>\n<td class=\"tg-031e\" style=\"text-align: center;\"><a href=\"http:\/\/www.fnp.de\/sport\/frankfurt\/Fette-Beute-fuer-Frankfurter-Teams;art701,1136721\" target=\"_blank\">Fette Beute f\u00fcr Frankfurter Teams<\/a><\/td>\n<\/tr>\n<tr>\n<td class=\"tg-031e\" style=\"text-align: center;\">23.10.2014<\/td>\n<td class=\"tg-031e\" style=\"text-align: center;\"><a href=\"http:\/\/www.ftv-kegeln.de\/wp-content\/uploads\/2014\/09\/Fnp_logo.jpg\"><img loading=\"lazy\" decoding=\"async\" class=\"aligncenter wp-image-148\" src=\"http:\/\/www.ftv-kegeln.de\/wp-content\/uploads\/2014\/09\/Fnp_logo.jpg\" alt=\"Fnp_logo\" width=\"158\" height=\"41\" \/><\/a><\/td>\n<td class=\"tg-031e\" style=\"text-align: center;\"><a href=\"https:\/\/www.fnp.de\/sport\/frankfurt\/FTV-ist-in-der-Zweiten-Liga-angekommen;art701,1092719\" target=\"_blank\">FTV ist in der Zweiten Liga angekommen<\/a><\/td>\n<\/tr>\n<tr>\n<td class=\"tg-031e\" style=\"text-align: center;\">16.10.2014<\/td>\n<td class=\"tg-031e\" style=\"text-align: center;\"><a href=\"http:\/\/www.ftv-kegeln.de\/wp-content\/uploads\/2014\/09\/Fnp_logo.jpg\"><img loading=\"lazy\" decoding=\"async\" class=\"aligncenter wp-image-148\" src=\"http:\/\/www.ftv-kegeln.de\/wp-content\/uploads\/2014\/09\/Fnp_logo.jpg\" alt=\"Fnp_logo\" width=\"158\" height=\"41\" \/><\/a><\/td>\n<td class=\"tg-031e\" style=\"text-align: center;\"><a href=\"https:\/\/www.fnp.de\/sport\/frankfurt\/Kelsterbach-kegelt-den-FTV-raus;art701,1082076\" target=\"_blank\">Kelsterbach kegelt den FTV raus<\/a><\/td>\n<\/tr>\n<tr>\n<td class=\"tg-031e\" style=\"text-align: center;\">09.10.2014<\/td>\n<td class=\"tg-031e\" style=\"text-align: center;\"><a href=\"http:\/\/www.ftv-kegeln.de\/wp-content\/uploads\/2014\/09\/Fnp_logo.jpg\"><img loading=\"lazy\" decoding=\"async\" class=\"aligncenter wp-image-148\" src=\"http:\/\/www.ftv-kegeln.de\/wp-content\/uploads\/2014\/09\/Fnp_logo.jpg\" alt=\"Fnp_logo\" width=\"158\" height=\"41\" \/><\/a><\/td>\n<td class=\"tg-031e\" style=\"text-align: center;\"><a href=\"http:\/\/www.fnp.de\/sport\/frankfurt\/FTV-verbucht-den-ersten-Punkt-in-Liga-zwei;art701,1070489\" target=\"_blank\">FTV verbucht den ersten Punkt in Liga zwei<\/a><\/td>\n<\/tr>\n<tr>\n<td class=\"tg-031e\" style=\"text-align: center;\">17.09.2014<\/td>\n<td class=\"tg-031e\" style=\"text-align: center;\"><a href=\"http:\/\/www.ftv-kegeln.de\/wp-content\/uploads\/2014\/09\/Fnp_logo.jpg\"><img loading=\"lazy\" decoding=\"async\" class=\"aligncenter wp-image-148\" src=\"http:\/\/www.ftv-kegeln.de\/wp-content\/uploads\/2014\/09\/Fnp_logo.jpg\" alt=\"Fnp_logo\" width=\"158\" height=\"41\" \/><\/a><\/td>\n<td class=\"tg-031e\" style=\"text-align: center;\"><a href=\"http:\/\/www.fnp.de\/sport\/frankfurt\/ZWEITE-LIGA-Einen-Zahn-zugelegt;art701,1036448\" target=\"_blank\">Einen Zahn zugelegt<\/a><\/td>\n<\/tr>\n<tr>\n<td class=\"tg-031e\" style=\"text-align: center;\"><\/td>\n<td class=\"tg-031e\" style=\"text-align: center;\"><a href=\"http:\/\/www.ftv-kegeln.de\/wp-content\/uploads\/2014\/09\/dcu-ohne-schatten.png\"><img loading=\"lazy\" decoding=\"async\" class=\"aligncenter wp-image-152\" src=\"http:\/\/www.ftv-kegeln.de\/wp-content\/uploads\/2014\/09\/dcu-ohne-schatten-300x165.png\" alt=\"dcu-ohne-schatten\" width=\"98\" height=\"54\" srcset=\"https:\/\/ftvkegeln.ddns.net\/wp-content\/uploads\/2014\/09\/dcu-ohne-schatten-300x165.png 300w, https:\/\/ftvkegeln.ddns.net\/wp-content\/uploads\/2014\/09\/dcu-ohne-schatten.png 630w\" sizes=\"(max-width: 98px) 100vw, 98px\" \/><\/a><\/td>\n<td class=\"tg-031e\" style=\"text-align: center;\"><a href=\"http:\/\/www.ftv-kegeln.de\/wp-content\/uploads\/2014\/09\/BL-Info-1-2014_2015.pdf\" target=\"_blank\">Bundesligainfo 1 &#8211; Saisonvorschau<\/a><\/td>\n<\/tr>\n<tr>\n<td class=\"tg-031e\" style=\"text-align: center;\">12.09.2014<\/td>\n<td class=\"tg-031e\" style=\"text-align: center;\"><a href=\"http:\/\/www.ftv-kegeln.de\/wp-content\/uploads\/2014\/09\/Fnp_logo.jpg\"><img loading=\"lazy\" decoding=\"async\" class=\"aligncenter wp-image-148\" src=\"http:\/\/www.ftv-kegeln.de\/wp-content\/uploads\/2014\/09\/Fnp_logo.jpg\" alt=\"Fnp_logo\" width=\"158\" height=\"41\" \/><\/a><\/td>\n<td class=\"tg-031e\" style=\"text-align: center;\"><a href=\"http:\/\/www.fnp.de\/sport\/frankfurt\/Nicht-bis-zur-letzten-Kugel-zittern;art701,1028366\" target=\"_blank\">Nicht bis zur letzten Kugel zittern<\/a><\/td>\n<\/tr>\n<tr>\n<td class=\"tg-031e\" style=\"text-align: center;\">21.06.2014<\/td>\n<td class=\"tg-031e\" style=\"text-align: center;\"><a href=\"http:\/\/www.ftv-kegeln.de\/wp-content\/uploads\/2014\/09\/dcu-ohne-schatten.png\"><img loading=\"lazy\" decoding=\"async\" class=\"aligncenter wp-image-152\" src=\"http:\/\/www.ftv-kegeln.de\/wp-content\/uploads\/2014\/09\/dcu-ohne-schatten-300x165.png\" alt=\"dcu-ohne-schatten\" width=\"98\" height=\"54\" srcset=\"https:\/\/ftvkegeln.ddns.net\/wp-content\/uploads\/2014\/09\/dcu-ohne-schatten-300x165.png 300w, https:\/\/ftvkegeln.ddns.net\/wp-content\/uploads\/2014\/09\/dcu-ohne-schatten.png 630w\" sizes=\"(max-width: 98px) 100vw, 98px\" \/><\/a><\/td>\n<td class=\"tg-031e\" style=\"text-align: center;\"><a href=\"http:\/\/dcu-ev.de\/index.php\/archivhaupt\/spj1314-mnu\/pressemenu\/214-2dccsenvm14\" target=\"_blank\">Berichte und Ergebnisse der 2. Deutschen Classic-Cup Mannschaftsmeisterschaften 2014 in Lampertheim<\/a><\/td>\n<\/tr>\n<tr>\n<td class=\"tg-031e\" style=\"text-align: center;\">20.06.2014<\/td>\n<td class=\"tg-031e\" style=\"text-align: center;\"><a href=\"http:\/\/www.ftv-kegeln.de\/wp-content\/uploads\/2014\/09\/dcu-ohne-schatten.png\"><img loading=\"lazy\" decoding=\"async\" class=\"aligncenter wp-image-152\" src=\"http:\/\/www.ftv-kegeln.de\/wp-content\/uploads\/2014\/09\/dcu-ohne-schatten-300x165.png\" alt=\"dcu-ohne-schatten\" width=\"98\" height=\"54\" srcset=\"https:\/\/ftvkegeln.ddns.net\/wp-content\/uploads\/2014\/09\/dcu-ohne-schatten-300x165.png 300w, https:\/\/ftvkegeln.ddns.net\/wp-content\/uploads\/2014\/09\/dcu-ohne-schatten.png 630w\" sizes=\"(max-width: 98px) 100vw, 98px\" \/><\/a><\/td>\n<td class=\"tg-031e\" style=\"text-align: center;\"><a href=\"http:\/\/dcu-ev.de\/index.php\/archivhaupt\/spj1314-mnu\/pressemenu\/213-2-dcc-mannschaft-svm\" target=\"_blank\">Vorbericht zur 2. Deutschen Classic-Cup Mannschaftsmeisterschaften der Senioren\/innen Mannschaften in Lampertheim<\/a><\/td>\n<\/tr>\n<\/tbody>\n<\/table>\n","protected":false},"excerpt":{"rendered":"<p>Datum Herausgeber Titel 27.01.2016 Nervenstarke Bockenheimer gewinnen das schwache Derby 21.01.2016 Bereit f\u00fcr das Derby 03.12.2015 Bockenheim r\u00e4umt ab FTV verliert erneut 26.11.2015 Torsten Depta r\u00e4umt ab 11.11.2015 KSC Bockenheim ist im Kommen 05.11.2015 SG Kelsterbach r\u00e4umt den FTV ab 29.10.2015 Abw\u00e4rtstrend gestoppt 23.10.2015 FTV-Kegler \u00fcberzeugen als Mannschaft 08.10.2015 FTV-Kegler widerlegen die Prognosen 03.10.2015 Punkte [&hellip;]<\/p>\n","protected":false},"author":1,"featured_media":0,"parent":0,"menu_order":6,"comment_status":"closed","ping_status":"open","template":"","meta":{"footnotes":""},"class_list":["post-147","page","type-page","status-publish","hentry"],"jetpack_shortlink":"https:\/\/wp.me\/PbsRqu-2n","jetpack_sharing_enabled":true,"_links":{"self":[{"href":"https:\/\/ftvkegeln.ddns.net\/index.php?rest_route=\/wp\/v2\/pages\/147"}],"collection":[{"href":"https:\/\/ftvkegeln.ddns.net\/index.php?rest_route=\/wp\/v2\/pages"}],"about":[{"href":"https:\/\/ftvkegeln.ddns.net\/index.php?rest_route=\/wp\/v2\/types\/page"}],"author":[{"embeddable":true,"href":"https:\/\/ftvkegeln.ddns.net\/index.php?rest_route=\/wp\/v2\/users\/1"}],"replies":[{"embeddable":true,"href":"https:\/\/ftvkegeln.ddns.net\/index.php?rest_route=%2Fwp%2Fv2%2Fcomments&post=147"}],"version-history":[{"count":18,"href":"https:\/\/ftvkegeln.ddns.net\/index.php?rest_route=\/wp\/v2\/pages\/147\/revisions"}],"predecessor-version":[{"id":151,"href":"https:\/\/ftvkegeln.ddns.net\/index.php?rest_route=\/wp\/v2\/pages\/147\/revisions\/151"}],"wp:attachment":[{"href":"https:\/\/ftvkegeln.ddns.net\/index.php?rest_route=%2Fwp%2Fv2%2Fmedia&parent=147"}],"curies":[{"name":"wp","href":"https:\/\/api.w.org\/{rel}","templated":true}]}}